{"id":1419,"date":"2021-01-27T15:38:21","date_gmt":"2021-01-27T14:38:21","guid":{"rendered":"https:\/\/plauserspeckladele.it\/?post_type=product&#038;p=1419"},"modified":"2023-03-02T16:47:00","modified_gmt":"2023-03-02T15:47:00","slug":"bio-apfelsaft-aus-dem-vinschgau-2","status":"publish","type":"product","link":"https:\/\/plauserspeckladele.it\/?product=bio-apfelsaft-aus-dem-vinschgau-2","title":{"rendered":"BIO Apfelsaft aus dem Vinschgau"},"content":{"rendered":"","protected":false},"excerpt":{"rendered":"<p>Der Bio Apfelsaft wird hergestellt mit einer harmonischen Mischung aus s\u00fc\u00df und leicht s\u00e4uerlichen \u00c4pfeln. Durch kurzes und schonendes Erhitzen bleiben alle Vitamine erhalten. Es werden kein Zucker und keine Konservierungsstoffe hinzugef\u00fcgt.<\/p>\n","protected":false},"featured_media":1440,"comment_status":"closed","ping_status":"closed","template":"","meta":[],"product_brand":[],"product_cat":[57],"product_tag":[],"class_list":{"0":"post-1419","1":"product","2":"type-product","3":"status-publish","4":"has-post-thumbnail","6":"product_cat-suedtiroler-saefte","8":"first","9":"instock","10":"taxable","11":"shipping-taxable","12":"purchasable","13":"product-type-simple"},"_links":{"self":[{"href":"https:\/\/plauserspeckladele.it\/index.php?rest_route=\/wp\/v2\/product\/1419","targetHints":{"allow":["GET"]}}],"collection":[{"href":"https:\/\/plauserspeckladele.it\/index.php?rest_route=\/wp\/v2\/product"}],"about":[{"href":"https:\/\/plauserspeckladele.it\/index.php?rest_route=\/wp\/v2\/types\/product"}],"replies":[{"embeddable":true,"href":"https:\/\/plauserspeckladele.it\/index.php?rest_route=%2Fwp%2Fv2%2Fcomments&post=1419"}],"wp:featuredmedia":[{"embeddable":true,"href":"https:\/\/plauserspeckladele.it\/index.php?rest_route=\/wp\/v2\/media\/1440"}],"wp:attachment":[{"href":"https:\/\/plauserspeckladele.it\/index.php?rest_route=%2Fwp%2Fv2%2Fmedia&parent=1419"}],"wp:term":[{"taxonomy":"product_brand","embeddable":true,"href":"https:\/\/plauserspeckladele.it\/index.php?rest_route=%2Fwp%2Fv2%2Fproduct_brand&post=1419"},{"taxonomy":"product_cat","embeddable":true,"href":"https:\/\/plauserspeckladele.it\/index.php?rest_route=%2Fwp%2Fv2%2Fproduct_cat&post=1419"},{"taxonomy":"product_tag","embeddable":true,"href":"https:\/\/plauserspeckladele.it\/index.php?rest_route=%2Fwp%2Fv2%2Fproduct_tag&post=1419"}],"curies":[{"name":"wp","href":"https:\/\/api.w.org\/{rel}","templated":true}]}}