{"id":1847,"date":"2021-02-19T19:16:31","date_gmt":"2021-02-19T18:16:31","guid":{"rendered":"https:\/\/plauserspeckladele.it\/?post_type=product&#038;p=1847"},"modified":"2025-05-21T16:50:43","modified_gmt":"2025-05-21T14:50:43","slug":"suedt-blauburgunder-festival-kellerei-meran","status":"publish","type":"product","link":"https:\/\/plauserspeckladele.it\/?product=suedt-blauburgunder-festival-kellerei-meran","title":{"rendered":"S\u00fcdt. Blauburgunder FESTIVAL Kellerei Meran"},"content":{"rendered":"<p>Der K\u00f6nig der Rotweine aus dem Burgund hat s\u00fcdlich der Alpen in S\u00fcdtirol eine zweite Heimat gefunden. Dank der f\u00fcrsorglichen und akkuraten Pflege der Winzer in den Steillagen rund um Meran und im Vinschgau gelingt es aus der anspruchsvollsten Burgundertraube einen vielschichtigen und eleganten Tropfen zu gewinnen.<br \/>\nDie Cr\u00e8me de la Cr\u00e8me der Rotweine.<\/p>\n","protected":false},"excerpt":{"rendered":"<p>Der K\u00f6nig der Rotweine aus dem Burgund hat s\u00fcdlich der Alpen in S\u00fcdtirol eine zweite Heimat gefunden. Dank der f\u00fcrsorglichen und akkuraten Pflege der Winzer in den Steillagen rund um&#8230;<\/p>\n","protected":false},"featured_media":2032,"comment_status":"closed","ping_status":"closed","template":"","meta":[],"product_brand":[],"product_cat":[43],"product_tag":[],"class_list":{"0":"post-1847","1":"product","2":"type-product","3":"status-publish","4":"has-post-thumbnail","6":"product_cat-suedtiroler-weine","8":"first","9":"instock","10":"taxable","11":"shipping-taxable","12":"purchasable","13":"product-type-simple"},"_links":{"self":[{"href":"https:\/\/plauserspeckladele.it\/index.php?rest_route=\/wp\/v2\/product\/1847","targetHints":{"allow":["GET"]}}],"collection":[{"href":"https:\/\/plauserspeckladele.it\/index.php?rest_route=\/wp\/v2\/product"}],"about":[{"href":"https:\/\/plauserspeckladele.it\/index.php?rest_route=\/wp\/v2\/types\/product"}],"replies":[{"embeddable":true,"href":"https:\/\/plauserspeckladele.it\/index.php?rest_route=%2Fwp%2Fv2%2Fcomments&post=1847"}],"wp:featuredmedia":[{"embeddable":true,"href":"https:\/\/plauserspeckladele.it\/index.php?rest_route=\/wp\/v2\/media\/2032"}],"wp:attachment":[{"href":"https:\/\/plauserspeckladele.it\/index.php?rest_route=%2Fwp%2Fv2%2Fmedia&parent=1847"}],"wp:term":[{"taxonomy":"product_brand","embeddable":true,"href":"https:\/\/plauserspeckladele.it\/index.php?rest_route=%2Fwp%2Fv2%2Fproduct_brand&post=1847"},{"taxonomy":"product_cat","embeddable":true,"href":"https:\/\/plauserspeckladele.it\/index.php?rest_route=%2Fwp%2Fv2%2Fproduct_cat&post=1847"},{"taxonomy":"product_tag","embeddable":true,"href":"https:\/\/plauserspeckladele.it\/index.php?rest_route=%2Fwp%2Fv2%2Fproduct_tag&post=1847"}],"curies":[{"name":"wp","href":"https:\/\/api.w.org\/{rel}","templated":true}]}}